{"id":379,"date":"2022-09-02T12:03:59","date_gmt":"2022-09-02T10:03:59","guid":{"rendered":"https:\/\/www.dpsg-schwabachgrund.de\/?page_id=379"},"modified":"2026-01-30T13:49:46","modified_gmt":"2026-01-30T12:49:46","slug":"termine","status":"publish","type":"page","link":"https:\/\/www.dpsg-schwabachgrund.de\/?page_id=379","title":{"rendered":"Termine"},"content":{"rendered":"\n<figure class=\"wp-block-table aligncenter is-style-regular\"><table class=\"has-fixed-layout\"><thead><tr><th>            Was?    <\/th><th class=\"has-text-align-center\" data-align=\"center\">      Wann?     <\/th><th class=\"has-text-align-center\" data-align=\"center\">       Wo?   <\/th><th class=\"has-text-align-left\" data-align=\"left\">Wer?<\/th><\/tr><\/thead><tbody><tr><td>StaVo-Runde<\/td><td class=\"has-text-align-center\" data-align=\"center\">02.02.26<\/td><td class=\"has-text-align-center\" data-align=\"center\">Bonifaz<\/td><td class=\"has-text-align-left\" data-align=\"left\">StaVos<\/td><\/tr><tr><td>Di\u00f6zesan Stukos<br>W\u00f6s &amp; Rover<\/td><td class=\"has-text-align-center\" data-align=\"center\">16.-18.01.26<\/td><td class=\"has-text-align-center\" data-align=\"center\">Rothmannsthal<\/td><td class=\"has-text-align-left\" data-align=\"left\">Stufenreferenten + Delegierte<\/td><\/tr><tr><td>Di\u00f6zesan Stukos<br>Jufis &amp; Pfadis<\/td><td class=\"has-text-align-center\" data-align=\"center\">23.-25.01.26<\/td><td class=\"has-text-align-center\" data-align=\"center\">Rothmannsthal<\/td><td class=\"has-text-align-left\" data-align=\"left\">Stufenreferenten + Delegierte<\/td><\/tr><tr><td>Di\u00f6zesanversammlung<\/td><td class=\"has-text-align-center\" data-align=\"center\">06.-08.03.26<\/td><td class=\"has-text-align-center\" data-align=\"center\">Rothmannsthal<\/td><td class=\"has-text-align-left\" data-align=\"left\">Delegierte<\/td><\/tr><tr><td>StaVo-Runde<\/td><td class=\"has-text-align-center\" data-align=\"center\">15.04.26<\/td><td class=\"has-text-align-center\" data-align=\"center\">Theresia<\/td><td class=\"has-text-align-left\" data-align=\"left\">StaVos<\/td><\/tr><tr><td><strong>Bezirks-Leiterlager<\/strong><\/td><td class=\"has-text-align-center\" data-align=\"center\"><strong>30.04.- 03.05.26<\/strong><\/td><td class=\"has-text-align-center\" data-align=\"center\"><strong>Neumarkt <strong>i.d.OPf.<\/strong><\/strong><\/td><td class=\"has-text-align-left\" data-align=\"left\"><strong>Alle Leitende aus dem Bezirk<\/strong><\/td><\/tr><tr><td>Di\u00f6zesan Aktionstag<\/td><td class=\"has-text-align-center\" data-align=\"center\">09.05.26<\/td><td class=\"has-text-align-center\" data-align=\"center\">Bamberg<\/td><td class=\"has-text-align-left\" data-align=\"left\"><strong>Alle <\/strong>aus dem Bezirk<\/td><\/tr><tr><td>Bezirksleiterberg<\/td><td class=\"has-text-align-center\" data-align=\"center\">14.05.26<\/td><td class=\"has-text-align-center\" data-align=\"center\">Erlangen<\/td><td class=\"has-text-align-left\" data-align=\"left\"><strong>Alle <\/strong>Leitende aus dem Bezirk<\/td><\/tr><tr><td>StaVo-BL-Runde<\/td><td class=\"has-text-align-center\" data-align=\"center\">09.06.26<\/td><td class=\"has-text-align-center\" data-align=\"center\">Marien<\/td><td class=\"has-text-align-left\" data-align=\"left\">StaVos, BL<\/td><\/tr><tr><td><strong>Bezirks-Stukos<\/strong><\/td><td class=\"has-text-align-center\" data-align=\"center\"><strong>27.09.26 <\/strong><br><strong>13:00 Uhr<\/strong><\/td><td class=\"has-text-align-center\" data-align=\"center\"><strong>Tennenlohe<\/strong><\/td><td class=\"has-text-align-left\" data-align=\"left\"><strong>BL, Leitenden und Rover<\/strong><\/td><\/tr><tr><td>Ironscout<\/td><td class=\"has-text-align-center\" data-align=\"center\">08.-11.10.26<\/td><td class=\"has-text-align-center\" data-align=\"center\">Marburg<\/td><td class=\"has-text-align-left\" data-align=\"left\">Rover, Leitende<\/td><\/tr><tr><td>Einsteiger<br>Leiterausbildung<\/td><td class=\"has-text-align-center\" data-align=\"center\">16.-18.10.26<\/td><td class=\"has-text-align-center\" data-align=\"center\">Rothmannsthal<\/td><td class=\"has-text-align-left\" data-align=\"left\">Alle Leitenden, welche diesen noch nicht haben!<\/td><\/tr><tr><td>StaVo-BL-Grillen<\/td><td class=\"has-text-align-center\" data-align=\"center\">22.10.26<\/td><td class=\"has-text-align-center\" data-align=\"center\">Uttenreuth<\/td><td class=\"has-text-align-left\" data-align=\"left\">StaVos, BL<\/td><\/tr><tr><td><strong>Bezirksversammlung<\/strong><\/td><td class=\"has-text-align-center\" data-align=\"center\"><strong>08.11.26<\/strong><\/td><td class=\"has-text-align-center\" data-align=\"center\"><strong>Tennenlohe<\/strong><\/td><td class=\"has-text-align-left\" data-align=\"left\"><strong>StaVos, Delegierte, Alle Leitenden im Schwabachgrund<\/strong><\/td><\/tr><tr><td>StaVo-Feuerzangenbowle <\/td><td class=\"has-text-align-center\" data-align=\"center\">27.11.26<\/td><td class=\"has-text-align-center\" data-align=\"center\">Tennenlohe<\/td><td class=\"has-text-align-left\" data-align=\"left\">StaVos<\/td><\/tr><tr><td>StaVo-Ausbildung<\/td><td class=\"has-text-align-center\" data-align=\"center\">04.-06.12.26<\/td><td class=\"has-text-align-center\" data-align=\"center\"><\/td><td class=\"has-text-align-left\" data-align=\"left\">Alle StaVos \/ angehenden Vorst\u00e4nde<\/td><\/tr><\/tbody><\/table><\/figure>\n\n\n<a class=\"wp-block-read-more\" href=\"https:\/\/www.dpsg-schwabachgrund.de\/?page_id=379\" target=\"_self\">Weiterlesen<span class=\"screen-reader-text\">: Termine<\/span><\/a>\n\n<nav class=\"is-responsive wp-block-navigation is-layout-flex wp-block-navigation-is-layout-flex\" aria-label=\"Men\u00fc\" \n\t\t data-wp-interactive=\"core\/navigation\" data-wp-context='{\"overlayOpenedBy\":{\"click\":false,\"hover\":false,\"focus\":false},\"type\":\"overlay\",\"roleAttribute\":\"\",\"ariaLabel\":\"Men\\u00fc\"}'><button aria-haspopup=\"dialog\" aria-label=\"Men\u00fc \u00f6ffnen\" class=\"wp-block-navigation__responsive-container-open\" \n\t\t\t\tdata-wp-on-async--click=\"actions.openMenuOnClick\"\n\t\t\t\tdata-wp-on--keydown=\"actions.handleMenuKeydown\"\n\t\t\t><svg width=\"24\" height=\"24\" xmlns=\"http:\/\/www.w3.org\/2000\/svg\" viewBox=\"0 0 24 24\" aria-hidden=\"true\" focusable=\"false\"><rect x=\"4\" y=\"7.5\" width=\"16\" height=\"1.5\" \/><rect x=\"4\" y=\"15\" width=\"16\" height=\"1.5\" \/><\/svg><\/button>\n\t\t\t\t<div class=\"wp-block-navigation__responsive-container\"  id=\"modal-1\" \n\t\t\t\tdata-wp-class--has-modal-open=\"state.isMenuOpen\"\n\t\t\t\tdata-wp-class--is-menu-open=\"state.isMenuOpen\"\n\t\t\t\tdata-wp-watch=\"callbacks.initMenu\"\n\t\t\t\tdata-wp-on--keydown=\"actions.handleMenuKeydown\"\n\t\t\t\tdata-wp-on-async--focusout=\"actions.handleMenuFocusout\"\n\t\t\t\ttabindex=\"-1\"\n\t\t\t>\n\t\t\t\t\t<div class=\"wp-block-navigation__responsive-close\" tabindex=\"-1\">\n\t\t\t\t\t\t<div class=\"wp-block-navigation__responsive-dialog\" \n\t\t\t\tdata-wp-bind--aria-modal=\"state.ariaModal\"\n\t\t\t\tdata-wp-bind--aria-label=\"state.ariaLabel\"\n\t\t\t\tdata-wp-bind--role=\"state.roleAttribute\"\n\t\t\t>\n\t\t\t\t\t\t\t<button aria-label=\"Men\u00fc schlie\u00dfen\" class=\"wp-block-navigation__responsive-container-close\" \n\t\t\t\tdata-wp-on-async--click=\"actions.closeMenuOnClick\"\n\t\t\t><svg xmlns=\"http:\/\/www.w3.org\/2000\/svg\" viewBox=\"0 0 24 24\" width=\"24\" height=\"24\" aria-hidden=\"true\" focusable=\"false\"><path d=\"m13.06 12 6.47-6.47-1.06-1.06L12 10.94 5.53 4.47 4.47 5.53 10.94 12l-6.47 6.47 1.06 1.06L12 13.06l6.47 6.47 1.06-1.06L13.06 12Z\"><\/path><\/svg><\/button>\n\t\t\t\t\t\t\t<div class=\"wp-block-navigation__responsive-container-content\" \n\t\t\t\tdata-wp-watch=\"callbacks.focusFirstElement\"\n\t\t\t id=\"modal-1-content\">\n\t\t\t\t\t\t\t\t\n\t\t\t\t\t\t\t<\/div>\n\t\t\t\t\t\t<\/div>\n\t\t\t\t\t<\/div>\n\t\t\t\t<\/div><\/nav>\n\n\n<p><br>Weitere Termine findest Du im <a rel=\"noreferrer noopener\" href=\"https:\/\/www.dpsg-bamberg.de\/termine\/\" target=\"_blank\">Kalender des DV Bamberg<\/a>.<\/p>\n","protected":false},"excerpt":{"rendered":"<p>Was? Wann? Wo? Wer? StaVo-Runde 02.02.26 Bonifaz StaVos Di\u00f6zesan StukosW\u00f6s &amp; Rover 16.-18.01.26 Rothmannsthal Stufenreferenten + Delegierte Di\u00f6zesan StukosJufis &amp; Pfadis 23.-25.01.26 Rothmannsthal Stufenreferenten + Delegierte Di\u00f6zesanversammlung 06.-08.03.26 Rothmannsthal Delegierte StaVo-Runde 15.04.26 Theresia StaVos Bezirks-Leiterlager 30.04.- 03.05.26 Neumarkt i.d.OPf. Alle Leitende aus dem Bezirk Di\u00f6zesan Aktionstag 09.05.26 Bamberg Alle aus dem Bezirk Bezirksleiterberg 14.05.26 Erlangen Alle Leitende aus dem Bezirk StaVo-BL-Runde 09.06.26 Marien StaVos, BL Bezirks-Stukos 27.09.26 13:00 Uhr Tennenlohe BL, Leitenden und Rover Ironscout 08.-11.10.26 Marburg Rover, Leitende EinsteigerLeiterausbildung&#8230;<\/p>\n<p class=\"read-more\"><a class=\"btn btn-default\" href=\"https:\/\/www.dpsg-schwabachgrund.de\/?page_id=379\">Weiterlesen<span class=\"screen-reader-text\"> Weiterlesen<\/span><\/a><\/p>\n","protected":false},"author":7,"featured_media":0,"parent":0,"menu_order":0,"comment_status":"closed","ping_status":"closed","template":"","meta":{"footnotes":""},"class_list":["post-379","page","type-page","status-publish","hentry"],"_links":{"self":[{"href":"https:\/\/www.dpsg-schwabachgrund.de\/index.php?rest_route=\/wp\/v2\/pages\/379","targetHints":{"allow":["GET"]}}],"collection":[{"href":"https:\/\/www.dpsg-schwabachgrund.de\/index.php?rest_route=\/wp\/v2\/pages"}],"about":[{"href":"https:\/\/www.dpsg-schwabachgrund.de\/index.php?rest_route=\/wp\/v2\/types\/page"}],"author":[{"embeddable":true,"href":"https:\/\/www.dpsg-schwabachgrund.de\/index.php?rest_route=\/wp\/v2\/users\/7"}],"replies":[{"embeddable":true,"href":"https:\/\/www.dpsg-schwabachgrund.de\/index.php?rest_route=%2Fwp%2Fv2%2Fcomments&post=379"}],"version-history":[{"count":47,"href":"https:\/\/www.dpsg-schwabachgrund.de\/index.php?rest_route=\/wp\/v2\/pages\/379\/revisions"}],"predecessor-version":[{"id":1043,"href":"https:\/\/www.dpsg-schwabachgrund.de\/index.php?rest_route=\/wp\/v2\/pages\/379\/revisions\/1043"}],"wp:attachment":[{"href":"https:\/\/www.dpsg-schwabachgrund.de\/index.php?rest_route=%2Fwp%2Fv2%2Fmedia&parent=379"}],"curies":[{"name":"wp","href":"https:\/\/api.w.org\/{rel}","templated":true}]}}